{"id":4192,"date":"2020-09-06T20:04:13","date_gmt":"2020-09-06T20:04:13","guid":{"rendered":"https:\/\/www.cvsjq.ch\/?page_id=4192"},"modified":"2020-09-06T20:04:36","modified_gmt":"2020-09-06T20:04:36","slug":"articles-2","status":"publish","type":"page","link":"https:\/\/www.cvsjq.ch\/index.php\/articles-2\/","title":{"rendered":"Articles"},"content":{"rendered":"<p><a href=\"https:\/\/cvsjq.ch\/index.php\/2020\/01\/05\/la-creme-des-solistes-reunie-pour-un-concert-de-gala-exceptionnel\/\" target=\"_blank\" rel=\"noopener noreferrer\"><\/a><br \/>\n                            <a href=\"https:\/\/cvsjq.ch\/index.php\/2020\/01\/05\/la-creme-des-solistes-reunie-pour-un-concert-de-gala-exceptionnel\/\" title=\"\" target=\"_blank\" rel=\"noopener noreferrer\"><br \/>\n    <\/a><\/p>\n<h2>\n            <a href=\"https:\/\/cvsjq.ch\/index.php\/2020\/01\/05\/la-creme-des-solistes-reunie-pour-un-concert-de-gala-exceptionnel\/\" target=\"_blank\" rel=\"noopener noreferrer\"><br \/>\n                La cr\u00e8me des solistes r\u00e9unie pour un concert de gala exceptionnel!            <\/a><br \/>\n        <\/h2>\n<p>                            |<br \/>\n                    janvier 5, 2020<br \/>\n            En 25 ans, le Championnat valaisan des solistes a mis en comp\u00e9tition 9000 jeunes. Pour marquer ce jubil\u00e9, tous les vainqueurs ont \u00e9t\u00e9 invit\u00e9s pour une \u00abNuit des Champions\u00bb. Onze seront sur sc\u00e8ne samedi 11 janvier d\u00e8s 20 heures \u00e0 la salle Recto-Verso \u00e0 Gr\u00f4ne. Au programme de la soir\u00e9e, uniquement des solos: le meilleur \u2026<br \/>\n                                    <a href=\"https:\/\/cvsjq.ch\/index.php\/2019\/12\/08\/cedric-ritler-signe-le-double\/\" target=\"_blank\" rel=\"noopener noreferrer\"><br \/>\n        <img decoding=\"async\" width=\"2560\" height=\"1695\" src=\"https:\/\/cvsjq.ch\/wp-content\/uploads\/2019\/12\/CVSJQ19-Ritler-Champion-VS2019-DSC09452_2-scaled-1.jpg\" alt=\"\" loading=\"lazy\" srcset=\"https:\/\/cvsjq.ch\/wp-content\/uploads\/2019\/12\/CVSJQ19-Ritler-Champion-VS2019-DSC09452_2-scaled-1.jpg 2560w, https:\/\/cvsjq.ch\/wp-content\/uploads\/2019\/12\/CVSJQ19-Ritler-Champion-VS2019-DSC09452_2-scaled-1-300x199.jpg 300w, https:\/\/cvsjq.ch\/wp-content\/uploads\/2019\/12\/CVSJQ19-Ritler-Champion-VS2019-DSC09452_2-scaled-1-1024x678.jpg 1024w, https:\/\/cvsjq.ch\/wp-content\/uploads\/2019\/12\/CVSJQ19-Ritler-Champion-VS2019-DSC09452_2-scaled-1-768x509.jpg 768w, https:\/\/cvsjq.ch\/wp-content\/uploads\/2019\/12\/CVSJQ19-Ritler-Champion-VS2019-DSC09452_2-scaled-1-1536x1017.jpg 1536w, https:\/\/cvsjq.ch\/wp-content\/uploads\/2019\/12\/CVSJQ19-Ritler-Champion-VS2019-DSC09452_2-scaled-1-2048x1356.jpg 2048w\" sizes=\"auto, (max-width: 2560px) 100vw, 2560px\" \/>            <\/a><br \/>\n                            <a href=\"https:\/\/cvsjq.ch\/index.php\/2019\/12\/08\/cedric-ritler-signe-le-double\/\" target=\"_blank\" rel=\"noopener noreferrer\"><\/a><br \/>\n                            <a href=\"https:\/\/cvsjq.ch\/index.php\/2019\/12\/08\/cedric-ritler-signe-le-double\/\" title=\"\" target=\"_blank\" rel=\"noopener noreferrer\"><br \/>\n    <\/a><\/p>\n<h2>\n            <a href=\"https:\/\/cvsjq.ch\/index.php\/2019\/12\/08\/cedric-ritler-signe-le-double\/\" target=\"_blank\" rel=\"noopener noreferrer\"><br \/>\n                C\u00e9dric Ritler signe le doubl\u00e9            <\/a><br \/>\n        <\/h2>\n<p>                            |<br \/>\n                    d\u00e9cembre 8, 2019<br \/>\n            C\u00e9dric Ritler a brillamment conserv\u00e9 son titre de champion valaisan. Et son succ\u00e8s de l\u2019an dernier a d\u00e9clench\u00e9 une v\u00e9ritable aspiration dans le Haut-Valais qui a plac\u00e9 trois finalistes sur huit! Fait unique dans les annales du concours: en finale, tous les solos \u00e9taient de la plume de compositeurs valaisans.<br \/>\n                                    <a href=\"https:\/\/cvsjq.ch\/index.php\/2019\/12\/02\/cedric-ritler-va-defendre-son-titre-face-a-plus-de-300-concurrents\/\" target=\"_blank\" rel=\"noopener noreferrer\"><br \/>\n        <img decoding=\"async\" width=\"1707\" height=\"2560\" src=\"https:\/\/cvsjq.ch\/wp-content\/uploads\/2019\/12\/cvsjq18-Championne-Minimes-Julie-Pralong-DSC08257-scaled-1.jpg\" alt=\"\" loading=\"lazy\" srcset=\"https:\/\/cvsjq.ch\/wp-content\/uploads\/2019\/12\/cvsjq18-Championne-Minimes-Julie-Pralong-DSC08257-scaled-1.jpg 1707w, https:\/\/cvsjq.ch\/wp-content\/uploads\/2019\/12\/cvsjq18-Championne-Minimes-Julie-Pralong-DSC08257-scaled-1-200x300.jpg 200w, https:\/\/cvsjq.ch\/wp-content\/uploads\/2019\/12\/cvsjq18-Championne-Minimes-Julie-Pralong-DSC08257-scaled-1-683x1024.jpg 683w, https:\/\/cvsjq.ch\/wp-content\/uploads\/2019\/12\/cvsjq18-Championne-Minimes-Julie-Pralong-DSC08257-scaled-1-768x1152.jpg 768w, https:\/\/cvsjq.ch\/wp-content\/uploads\/2019\/12\/cvsjq18-Championne-Minimes-Julie-Pralong-DSC08257-scaled-1-1024x1536.jpg 1024w, https:\/\/cvsjq.ch\/wp-content\/uploads\/2019\/12\/cvsjq18-Championne-Minimes-Julie-Pralong-DSC08257-scaled-1-1366x2048.jpg 1366w\" sizes=\"auto, (max-width: 1707px) 100vw, 1707px\" \/>            <\/a><br \/>\n                            <a href=\"https:\/\/cvsjq.ch\/index.php\/2019\/12\/02\/cedric-ritler-va-defendre-son-titre-face-a-plus-de-300-concurrents\/\" target=\"_blank\" rel=\"noopener noreferrer\"><\/a><br \/>\n                            <a href=\"https:\/\/cvsjq.ch\/index.php\/2019\/12\/02\/cedric-ritler-va-defendre-son-titre-face-a-plus-de-300-concurrents\/\" title=\"\" target=\"_blank\" rel=\"noopener noreferrer\"><br \/>\n    <\/a><\/p>\n<h2>\n            <a href=\"https:\/\/cvsjq.ch\/index.php\/2019\/12\/02\/cedric-ritler-va-defendre-son-titre-face-a-plus-de-300-concurrents\/\" target=\"_blank\" rel=\"noopener noreferrer\"><br \/>\n                Cedric Ritler va d\u00e9fendre son titre face \u00e0 plus de 300 concurrents            <\/a><br \/>\n        <\/h2>\n<p>                            |<br \/>\n                    d\u00e9cembre 2, 2019<br \/>\n            Premier vainqueur haut-valaisan du Championnat des solistes, Cedric Ritler remet son titre en jeu. Mais ils seront pr\u00e8s de 320 solistes samedi 7 d\u00e9cembre prochain au Coll\u00e8ge des Creusets \u00e0 Sion, qui aspireront \u00e0 d\u00e9crocher le sacre supr\u00eame. 60% de ces jeunes musiciens a choisi une \u0153uvre d\u2019un compositeur valaisan! De leur c\u00f4t\u00e9, cinq quatuors \u2026        <\/p>\n<ul class='page-numbers'>\n<li>1<\/li>\n<li><a href=\"https:\/\/cvsjq.ch\/wp-admin\/admin-ajax.php?paged=2\">2<\/a><\/li>\n<li><a href=\"https:\/\/cvsjq.ch\/wp-admin\/admin-ajax.php?paged=3\">3<\/a><\/li>\n<li>\u2026<\/li>\n<li><a href=\"https:\/\/cvsjq.ch\/wp-admin\/admin-ajax.php?paged=16\">16<\/a><\/li>\n<\/ul>\n","protected":false},"excerpt":{"rendered":"<p>La cr\u00e8me des solistes r\u00e9unie pour un concert de gala exceptionnel! | janvier 5, 2020 En 25 ans, le Championnat valaisan des solistes a mis en comp\u00e9tition 9000 jeunes. Pour marquer ce jubil\u00e9, tous les vainqueurs ont \u00e9t\u00e9 invit\u00e9s pour une \u00abNuit des Champions\u00bb. Onze seront sur sc\u00e8ne samedi 11 janvier d\u00e8s 20 heures \u00e0 [&hellip;]<\/p>\n","protected":false},"author":1,"featured_media":0,"parent":0,"menu_order":0,"comment_status":"closed","ping_status":"closed","template":"","meta":{"footnotes":""},"class_list":["post-4192","page","type-page","status-publish","hentry"],"_links":{"self":[{"href":"https:\/\/www.cvsjq.ch\/index.php\/wp-json\/wp\/v2\/pages\/4192","targetHints":{"allow":["GET"]}}],"collection":[{"href":"https:\/\/www.cvsjq.ch\/index.php\/wp-json\/wp\/v2\/pages"}],"about":[{"href":"https:\/\/www.cvsjq.ch\/index.php\/wp-json\/wp\/v2\/types\/page"}],"author":[{"embeddable":true,"href":"https:\/\/www.cvsjq.ch\/index.php\/wp-json\/wp\/v2\/users\/1"}],"replies":[{"embeddable":true,"href":"https:\/\/www.cvsjq.ch\/index.php\/wp-json\/wp\/v2\/comments?post=4192"}],"version-history":[{"count":0,"href":"https:\/\/www.cvsjq.ch\/index.php\/wp-json\/wp\/v2\/pages\/4192\/revisions"}],"wp:attachment":[{"href":"https:\/\/www.cvsjq.ch\/index.php\/wp-json\/wp\/v2\/media?parent=4192"}],"curies":[{"name":"wp","href":"https:\/\/api.w.org\/{rel}","templated":true}]}}